{"id":1278,"date":"2024-01-09T13:26:49","date_gmt":"2024-01-09T13:26:49","guid":{"rendered":"https:\/\/aidoomarketing.com\/?page_id=1278"},"modified":"2024-01-09T13:27:47","modified_gmt":"2024-01-09T13:27:47","slug":"addendum-revidoo","status":"publish","type":"page","link":"https:\/\/aidoomarketing.com\/index.php\/addendum-revidoo\/","title":{"rendered":"Addendum Revidoo"},"content":{"rendered":"\t\t<div data-elementor-type=\"wp-page\" data-elementor-id=\"1278\" class=\"elementor elementor-1278\">\n\t\t\t\t\t\t\t\t\t<section class=\"elementor-section elementor-top-section elementor-element elementor-element-c6e256a elementor-section-boxed elementor-section-height-default elementor-section-height-default\" data-id=\"c6e256a\" data-element_type=\"section\">\n\t\t\t\t\t\t<div class=\"elementor-container elementor-column-gap-default\">\n\t\t\t\t\t<div class=\"elementor-column elementor-col-100 elementor-top-column elementor-element elementor-element-fa8eeb7\" data-id=\"fa8eeb7\" data-element_type=\"column\">\n\t\t\t<div class=\"elementor-widget-wrap elementor-element-populated\">\n\t\t\t\t\t\t\t\t<div class=\"elementor-element elementor-element-949f5e9 elementor-widget elementor-widget-text-editor\" data-id=\"949f5e9\" data-element_type=\"widget\" data-widget_type=\"text-editor.default\">\n\t\t\t\t<div class=\"elementor-widget-container\">\n\t\t\t<style>\/*! elementor - v3.18.0 - 20-12-2023 *\/\n.elementor-widget-text-editor.elementor-drop-cap-view-stacked .elementor-drop-cap{background-color:#69727d;color:#fff}.elementor-widget-text-editor.elementor-drop-cap-view-framed .elementor-drop-cap{color:#69727d;border:3px solid;background-color:transparent}.elementor-widget-text-editor:not(.elementor-drop-cap-view-default) .elementor-drop-cap{margin-top:8px}.elementor-widget-text-editor:not(.elementor-drop-cap-view-default) .elementor-drop-cap-letter{width:1em;height:1em}.elementor-widget-text-editor .elementor-drop-cap{float:left;text-align:center;line-height:1;font-size:50px}.elementor-widget-text-editor .elementor-drop-cap-letter{display:inline-block}<\/style>\t\t\t\t<p>ADENDA CONTROLADOR DE DATOS&nbsp;<\/p>\n<p>NOMBRAMIENTO DEL RESPONSABLE DEL TRATAMIENTO&nbsp;<\/p>\n<p>El Usuario (en adelante &#8220;Propietario&#8221; o &#8220;Cliente&#8221; o &#8220;Responsable del tratamiento&#8221;), mediante la aceptaci\u00f3n expresa de los T\u00e9rminos y Condiciones de &#8220;SU MARCA&#8221; (en adelante, el &#8220;Proveedor&#8221; o el &#8220;Encargado del Tratamiento&#8221;), acepta la presente adenda sobre el tratamiento de datos personales, que constituye parte integrante de la relaci\u00f3n entre las Partes. La presente Adenda se firma de conformidad con el art\u00edculo 28 del Reglamento 679\/2016 y regula la forma en que el Procesador de Datos procesar\u00e1 los datos personales en nombre del Controlador de Datos. El Responsable del Tratamiento y el Encargado del Tratamiento, tambi\u00e9n podr\u00e1n ser denominados individualmente como la &#8220;Parte&#8221; y conjuntamente como las &#8220;Partes&#8221;.&nbsp;<\/p>\n<p>CONSIDERANDO.&nbsp;<\/p>\n<p>-las operaciones de tratamiento de datos personales llevadas a cabo por el responsable del tratamiento figuren en el registro de operaciones de tratamiento llevado por el responsable del tratamiento;&nbsp;<\/p>\n<p>-para algunas operaciones de tratamiento, el Responsable del Tratamiento recurre a la colaboraci\u00f3n del Proveedor;&nbsp;<\/p>\n<p>-el Proveedor, como parte de los servicios ofrecidos al Responsable del Tratamiento, mejor detallados en el contrato espec\u00edfico en vigor, puede llevar a cabo el tratamiento de datos personales por cuenta del Responsable del Tratamiento;&nbsp;<\/p>\n<p>-el Responsable del Tratamiento y el Proveedor han firmado un acuerdo para la prestaci\u00f3n de un servicio integrado de web y tableta para la creaci\u00f3n, gesti\u00f3n y env\u00edo de solicitudes de revisi\u00f3n (&#8220;Servicio&#8221;), del que este documento forma parte integrante;&nbsp;<\/p>\n<p>-en referencia al Servicio puesto a disposici\u00f3n por el Proveedor, \u00e9ste podr\u00e1 tratar datos personales propiedad del Titular y, m\u00e1s concretamente, datos comunes (nombre, apellidos, datos de contacto) de los clientes finales del Titular; -la finalidad del tratamiento es proporcionar una soluci\u00f3n tecnol\u00f3gica que permita al Titular poder aprovechar el Servicio;&nbsp;<\/p>\n<p>-de conformidad con el art\u00edculo 28.1 del Reglamento (UE) 2016\/679, Reglamento General de Protecci\u00f3n de Datos (en adelante, &#8220;RGPD&#8221;), &#8220;cuando un tratamiento deba realizarse por cuenta del Responsable del Tratamiento, este \u00faltimo solo utilizar\u00e1 encargados del tratamiento.&#8221;&nbsp;<\/p>\n<p>-el Responsable del Tratamiento ha verificado que el Proveedor, de nuevo en virtud del art\u00edculo 28.1 del GDPR, presenta &#8220;garant\u00edas suficientes para implantar las medidas t\u00e9cnicas y organizativas apropiadas para que el tratamiento cumpla los requisitos del Reglamento y garantice la protecci\u00f3n de los derechos del interesado.&#8221;&nbsp;<\/p>\n<p>El Responsable del tratamiento designa al Proveedor como &#8220;ENCARGADO DEL TRATAMIENTO DE DATOS PERSONALES&#8221; (en adelante, tambi\u00e9n simplemente &#8220;Encargado del tratamiento&#8221; o &#8220;Responsable del tratamiento&#8221;), con respecto a los datos personales que el Proveedor pueda tratar en el ejercicio de sus actividades y los que se le puedan confiar en el futuro.&nbsp;<\/p>\n<p>De conformidad con el GDPR, la actividad realizada por el Procesador se regir\u00e1 de la siguiente manera:&nbsp;<\/p>\n<p>1. 1. DURACI\u00d3N. La presente designaci\u00f3n ser\u00e1 efectiva mientras dure la relaci\u00f3n del encargado del tratamiento con el responsable del tratamiento y se considerar\u00e1 autom\u00e1ticamente revocada en caso de cese de la misma.&nbsp;<\/p>\n<p>2. FINALIDAD DEL TRATAMIENTO. Los datos que se conf\u00eden al Encargado, en el marco de las actividades que se le encomienden para la utilizaci\u00f3n del Servicio, podr\u00e1n ser tratados \u00fanicamente para los fines indicados en el mandato confiado y\/o en el contrato celebrado con el Propietario. En particular, los datos ser\u00e1n tratados por el Proveedor s\u00f3lo con el fin de poder garantizar la prestaci\u00f3n del Servicio al Propietario que, en cualquier caso, seguir\u00e1 siendo la \u00fanica entidad obligada a tener que comunicar al cliente final los fines y obtener el consentimiento para el tratamiento, as\u00ed como la comunicaci\u00f3n de los datos a terceros.&nbsp;<\/p>\n<p>3. M\u00c9TODOS DE TRATAMIENTO. Los datos podr\u00e1n ser tratados en soporte papel o digital, en funci\u00f3n de las actividades desarrolladas, siempre que las herramientas sean debidamente identificadas e inventariadas por el Responsable y comunicadas sistem\u00e1ticamente al Propietario para su aprobaci\u00f3n. En particular, los datos se tratar\u00e1n mediante la plataforma inform\u00e1tica &#8220;SU MARCA&#8221;.&nbsp;<\/p>\n<p>4. DEBERES Y TAREAS DEL RESPONSABLE El Responsable del tratamiento, tal y como se estipula en el art\u00edculo 28 del GDPR, se compromete a:&nbsp;<\/p>\n<p>(a) tratar los datos personales confiados \u00fanicamente siguiendo instrucciones documentadas del Responsable, incluso en caso de transferencia de datos personales a un tercer pa\u00eds, salvo disposici\u00f3n legal en contrario. En este caso, el Responsable sigue estando obligado a informar al Responsable del tratamiento;&nbsp;<\/p>\n<p>(b) asegurarse de que las personas autorizadas para el tratamiento se han comprometido a mantener la confidencialidad o tienen una obligaci\u00f3n legal de&nbsp;confidencialidad adecuada. Para ello, el Responsable verificar\u00e1 peri\u00f3dicamente que los encargados (i) llevan a cabo el tratamiento de forma l\u00edcita y correcta, exclusivamente con el fin de prestar los servicios objeto de la relaci\u00f3n contractual entre las Partes; (ii) tratan los datos personales \u00fanicamente para fines inherentes a las tareas que les han sido asignadas; (iii) no comunican ni difunden los datos personales sin la autorizaci\u00f3n previa del Responsable; (iv) verificar, en caso de interrupci\u00f3n incluso temporal del trabajo, que los datos personales tratados no sean accesibles a terceros no autorizados; (v) custodiar y mantener en estricta confidencialidad las credenciales de autenticaci\u00f3n; (vi) respetar las medidas de seguridad exigidas por el Responsable del tratamiento y\/o el Titular del tratamiento;&nbsp;<\/p>\n<p>(c) garantizar una formaci\u00f3n adecuada y contrastada de las personas autorizadas para el tratamiento, de conformidad con el art\u00edculo 29 del RGPD;&nbsp;<\/p>\n<p>(d) adoptar, de conformidad con el art\u00edculo 32 del RGPD, todas las medidas t\u00e9cnicas y organizativas apropiadas para garantizar un nivel de seguridad adecuado al riesgo, teniendo en cuenta el estado de la t\u00e9cnica y los costes de aplicaci\u00f3n, as\u00ed como la naturaleza, el objeto, el contexto y los fines del tratamiento, as\u00ed como el riesgo de probabilidad y gravedad variables para los derechos y libertades de las personas f\u00edsicas, a fin de reducir al m\u00ednimo los riesgos de destrucci\u00f3n o p\u00e9rdida, incluida la p\u00e9rdida accidental de los propios datos, de acceso no autorizado o de tratamiento no autorizado o no conforme con los fines de la recogida&nbsp;<\/p>\n<p>e) informar al Controlador de Datos, de conformidad con el art\u00edculo 28 del GDPR, si es necesario utilizar otro Procesador de Datos;&nbsp;<\/p>\n<p>f) ayudar al responsable del tratamiento a cumplir las obligaciones legales en virtud de los art\u00edculos 32 (Seguridad del tratamiento), 33 (Notificaci\u00f3n de una violaci\u00f3n de datos personales a la autoridad de control), 34 (Notificaci\u00f3n de una violaci\u00f3n de datos personales al interesado), 35 (Evaluaci\u00f3n de impacto relativa a la protecci\u00f3n de datos), 36 (Consulta previa), teniendo en cuenta la naturaleza del tratamiento y la informaci\u00f3n de que disponga el responsable del tratamiento.&nbsp;<\/p>\n<p>g) prever la actualizaci\u00f3n, modificaci\u00f3n, rectificaci\u00f3n de los datos personales si ello es necesario en relaci\u00f3n con las finalidades del tratamiento, y suprimir o devolver sin demora, a petici\u00f3n del Responsable, todos los datos personales y las copias existentes de los que el Responsable est\u00e9 en posesi\u00f3n sin poder conservar copia alguna, salvo acuerdo expreso en contrario o disposici\u00f3n legal. En cualquier caso, suprimir y\/o destruir, seg\u00fan lo exija la ley (como el &#8220;borrado&#8221; en el caso de los datos digitales), los datos personales cuando se hayan alcanzado los fines para los que se recogieron y trataron, en ausencia de una obligaci\u00f3n legal o de la necesidad de seguir conserv\u00e1ndolos;&nbsp;<\/p>\n<p>h) permitir que el Responsable del tratamiento ejerza la facultad de control prevista en el art\u00edculo 28 del GDPR: en este contexto, poner a disposici\u00f3n del Responsable del tratamiento toda la informaci\u00f3n necesaria para demostrar el cumplimiento de las obligaciones de la presente Adenda y para demostrar el cumplimiento de las obligaciones legales y permitir las actividades de verificaci\u00f3n (Auditor\u00eda), llevadas a cabo por el Responsable del tratamiento o por terceros encargados por el Responsable del tratamiento, con el fin de comprobar la observaci\u00f3n de estos m\u00e9todos de tratamiento de datos y el cumplimiento de los requisitos legales. El Responsable del tratamiento tendr\u00e1 derecho a verificar, con un preaviso de al menos 20 (veinte) d\u00edas laborables, tambi\u00e9n en la sede del Responsable del tratamiento, la conformidad de los procedimientos adoptados por este \u00faltimo con lo indicado en el presente Addendum o exigido por la ley;&nbsp;<\/p>\n<p>i) comprometerse a cumplir la Disposici\u00f3n General del Garante para la Protecci\u00f3n de Datos de Car\u00e1cter Personal de 27 de noviembre de 2008 &#8220;Medidas y expedientes prescritos a los titulares de tratamientos de datos efectuados con instrumentos electr\u00f3nicos en relaci\u00f3n con las atribuciones de las funciones de administrador del sistema&#8221;, modificada por la Orden del Garante de 25 de junio de 2009 &#8220;Modificaciones a la Orden de 27 de noviembre de 2008 sobre prescripciones a los titulares de tratamientos realizados con instrumentos electr\u00f3nicos en relaci\u00f3n con las atribuciones de administrador del sistema y ampliaci\u00f3n de los plazos para su cumplimiento&#8221;, tal y como podr\u00e1 ser modificada o sustituida por el mismo Garante, y a cualquier otra medida relevante de la Autoridad;&nbsp;<\/p>\n<p>j) cooperar para la exacta aplicaci\u00f3n de la ley, incluso a trav\u00e9s de reuniones peri\u00f3dicas y actuar dentro del \u00e1mbito y l\u00edmites de sus funciones, de forma aut\u00f3noma, pero siempre de acuerdo con las directrices establecidas por el Controlador.&nbsp;<\/p>\n<p>5. 5. SUPERVISI\u00d3N. El Responsable del Tratamiento podr\u00e1 supervisar el puntual cumplimiento de las instrucciones aqu\u00ed impartidas al Encargado del Tratamiento y verificar\u00e1 el mantenimiento de los requisitos de experiencia, capacidad y fiabilidad que influyeron en la designaci\u00f3n del Encargado del Tratamiento.&nbsp;<\/p>\n<p>6. VIOLACI\u00d3N. Se hace saber al Encargado del Tratamiento que si infringe lo dispuesto en la ley determinando de forma independiente los fines y medios del Tratamiento, o desoyendo las instrucciones recibidas del Responsable del Tratamiento, ser\u00e1 considerado Responsable del Tratamiento en cuesti\u00f3n;&nbsp;<\/p>\n<p>7. ASISTENCIA AL RESPONSABLE DEL TRATAMIENTO EN CASO DE VIOLACI\u00d3N. En caso de violaci\u00f3n de los datos personales, el Proveedor se compromete a informar al Responsable del tratamiento sin demora indebida desde el momento en que tenga conocimiento de la violaci\u00f3n. El Proveedor asistir\u00e1 al Titular iniciando un an\u00e1lisis preliminar encaminado a recopilar los datos relativos a la anomal\u00eda y&nbsp;elaborando una hoja de sucesos, que contendr\u00e1 toda la informaci\u00f3n recopilada y disponible en ese momento, como por ejemplo, aunque no exclusivamente: &#8211; Fecha del suceso, tambi\u00e9n la fecha presunta de ocurrencia de la infracci\u00f3n (en cuyo caso debe especificarse)&nbsp;<\/p>\n<p>&#8211; Fecha y hora en que se tuvo conocimiento de la infracci\u00f3n;&nbsp;<\/p>\n<p>&#8211; Fuente de la informaci\u00f3n;&nbsp;<\/p>\n<p>&#8211; Tipo de infracci\u00f3n e informaci\u00f3n implicada;&nbsp;<\/p>\n<p>&#8211; Descripci\u00f3n del evento anormal;&nbsp;<\/p>\n<p>&#8211; N\u00famero de interesados implicados;&nbsp;<\/p>\n<p>&#8211; Cantidad de informaci\u00f3n personal supuestamente violada;&nbsp;<\/p>\n<p>&#8211; Indicaci\u00f3n de la fecha, incluida la presunta, de la infracci\u00f3n y cu\u00e1ndo se produjo Conocimientos;&nbsp;<\/p>\n<p>&#8211; Indicaci\u00f3n del lugar donde se ha producido la violaci\u00f3n de los datos, especificando tambi\u00e9n si se ha producido&nbsp;<\/p>\n<p>Ocurridos como consecuencia de la p\u00e9rdida de dispositivos o soportes port\u00e1tiles; &#8211; Descripci\u00f3n concisa de los sistemas de tratamiento o almacenamiento de datos implicados, con&nbsp;<\/p>\n<p>indicaci\u00f3n de su ubicaci\u00f3n.&nbsp;<\/p>\n<p>8. CONFIDENCIALIDAD. El encargado del tratamiento se compromete a mantener estrictamente confidenciales y&nbsp;<\/p>\n<p>confidencial y a utilizar \u00fanicamente para el cumplimiento de las obligaciones derivadas del contrato, cualquier informaci\u00f3n relativa a la otra Parte y\/o a las personas implicadas en el tratamiento de datos personales y\/o productos, servicios, organizaci\u00f3n, negocio o estrategia t\u00e9cnica recibida de la otra Parte o de la que tenga conocimiento durante la ejecuci\u00f3n del contrato relacionado con el Servicio (en adelante, la &#8220;Informaci\u00f3n Confidencial&#8221;). La Parte Responsable se compromete a no utilizar la Informaci\u00f3n Confidencial fuera de los fines previstos en el presente contrato, ni a divulgarla a partes no previstas en el presente contrato, sin la aprobaci\u00f3n por escrito del Propietario. El Gestor tomar\u00e1 todas las medidas necesarias para no divulgar ni poner a disposici\u00f3n de terceros, en modo alguno, la Informaci\u00f3n Confidencial del Propietario y\/o de las partes interesadas y, en cualquier caso, ser\u00e1 directamente responsable ante el Propietario de cualquier violaci\u00f3n por parte de sus empleados y\/o subcontratistas de las obligaciones de confidencialidad establecidas en el presente art\u00edculo. Las disposiciones del presente art\u00edculo no se aplicar\u00e1n o dejar\u00e1n de aplicarse a aquellas informaciones individuales que el Responsable pueda demostrar: (i) que ya han pasado a ser de dominio p\u00fablico por causas distintas a la infracci\u00f3n del propio Responsable; (ii) que ya eran conocidas con anterioridad a haber sido recibidas por el Responsable; (iii) que fueron divulgadas o reveladas en cumplimiento de una orden leg\u00edtima de cualquier autoridad o en virtud de una obligaci\u00f3n legal. La Informaci\u00f3n Confidencial revelada seguir\u00e1 siendo propiedad del Responsable del Tratamiento. Previa solicitud por escrito del propio Titular, dicha informaci\u00f3n ser\u00e1 devuelta o destruida por el Responsable.&nbsp;<\/p>\n<p>9. ENMIENDAS Y ADICIONES. Las Partes tendr\u00e1n derecho a realizar las modificaciones y ajustes al presente Contrato que sean necesarios en cualquier momento, incluso para cumplir con cualquier actualizaci\u00f3n normativa. Cualquier solicitud de modificaci\u00f3n se notificar\u00e1 al Administrador por carta certificada con acuse de recibo o correo electr\u00f3nico certificado. Tras la mencionada solicitud de modificaci\u00f3n, el Gestor dispondr\u00e1 de 60 d\u00edas para desistir del acuerdo. Transcurrido este plazo, las modificaciones se considerar\u00e1n aceptadas por el tramitador. Para todo lo que no est\u00e9 expresamente previsto en el presente acuerdo, rem\u00edtase a las disposiciones generales vigentes en materia de protecci\u00f3n de datos personales.&nbsp;<\/p><p>10. LEGISLACI\u00d3N APLICABLE. En caso de cualquier controversia relativa a la validez, interpretaci\u00f3n, ejecuci\u00f3n y terminaci\u00f3n del presente Addendum, las Partes acuerdan buscar una soluci\u00f3n justa y amistosa entre ellas. Si el litigio no se resolviera de forma amistosa, se considerar\u00e1 competencia exclusiva de la Autoridad Judicial del Tribunal de Roma. Para la resoluci\u00f3n de cualquier controversia relativa a la validez, interpretaci\u00f3n, ejecuci\u00f3n y terminaci\u00f3n del presente acuerdo se aplicar\u00e1 la Ley Italiana.&nbsp;<\/p><p>Queda entendido que esta designaci\u00f3n no implica ning\u00fan derecho del Proveedor a ninguna compensaci\u00f3n y\/o indemnizaci\u00f3n y\/o reembolso espec\u00edficos derivados de esta designaci\u00f3n, m\u00e1s all\u00e1 de lo ya previsto en las condiciones.&nbsp;<\/p>\t\t\t\t\t\t<\/div>\n\t\t\t\t<\/div>\n\t\t\t\t\t<\/div>\n\t\t<\/div>\n\t\t\t\t\t\t\t<\/div>\n\t\t<\/section>\n\t\t\t\t\t\t\t<\/div>\n\t\t","protected":false},"excerpt":{"rendered":"<p>ADENDA CONTROLADOR DE DATOS&nbsp; NOMBRAMIENTO DEL RESPONSABLE DEL TRATAMIENTO&nbsp; El Usuario (en adelante &#8220;Propietario&#8221; o &#8220;Cliente&#8221; o &#8220;Responsable del tratamiento&#8221;), mediante la aceptaci\u00f3n expresa de los T\u00e9rminos y Condiciones de &#8220;SU MARCA&#8221; (en adelante, el &#8220;Proveedor&#8221; o el &#8220;Encargado del Tratamiento&#8221;), acepta la presente adenda sobre el tratamiento de datos personales, que constituye parte integrante [&hellip;]<\/p>\n","protected":false},"author":1,"featured_media":0,"parent":0,"menu_order":0,"comment_status":"closed","ping_status":"closed","template":"","meta":{"footnotes":""},"class_list":["post-1278","page","type-page","status-publish","hentry"],"_links":{"self":[{"href":"https:\/\/aidoomarketing.com\/index.php\/wp-json\/wp\/v2\/pages\/1278","targetHints":{"allow":["GET"]}}],"collection":[{"href":"https:\/\/aidoomarketing.com\/index.php\/wp-json\/wp\/v2\/pages"}],"about":[{"href":"https:\/\/aidoomarketing.com\/index.php\/wp-json\/wp\/v2\/types\/page"}],"author":[{"embeddable":true,"href":"https:\/\/aidoomarketing.com\/index.php\/wp-json\/wp\/v2\/users\/1"}],"replies":[{"embeddable":true,"href":"https:\/\/aidoomarketing.com\/index.php\/wp-json\/wp\/v2\/comments?post=1278"}],"version-history":[{"count":7,"href":"https:\/\/aidoomarketing.com\/index.php\/wp-json\/wp\/v2\/pages\/1278\/revisions"}],"predecessor-version":[{"id":1285,"href":"https:\/\/aidoomarketing.com\/index.php\/wp-json\/wp\/v2\/pages\/1278\/revisions\/1285"}],"wp:attachment":[{"href":"https:\/\/aidoomarketing.com\/index.php\/wp-json\/wp\/v2\/media?parent=1278"}],"curies":[{"name":"wp","href":"https:\/\/api.w.org\/{rel}","templated":true}]}}